{"id":2790,"date":"2024-09-26T22:49:58","date_gmt":"2024-09-27T04:49:58","guid":{"rendered":"https:\/\/tejiendoredesinfancia.org\/?page_id=2790"},"modified":"2025-07-07T19:49:57","modified_gmt":"2025-07-08T01:49:57","slug":"nuestro-trabajo","status":"publish","type":"page","link":"https:\/\/tejiendoredesinfancia.org\/en_us\/nuestro-trabajo\/","title":{"rendered":"OUR WORK"},"content":{"rendered":"<div data-elementor-type=\"wp-page\" data-elementor-id=\"2790\" class=\"elementor elementor-2790\" data-elementor-post-type=\"page\">\n\t\t\t\t<div class=\"elementor-element elementor-element-1194ca6e e-con-full e-flex e-con e-parent\" data-id=\"1194ca6e\" data-element_type=\"container\" data-e-type=\"container\">\n\t\t\t\t<div class=\"elementor-element elementor-element-6354bc7b elementor-widget elementor-widget-image\" data-id=\"6354bc7b\" data-element_type=\"widget\" data-e-type=\"widget\" data-settings=\"{&quot;ekit_we_effect_on&quot;:&quot;none&quot;}\" data-widget_type=\"image.default\">\n\t\t\t\t<div class=\"elementor-widget-container\">\n\t\t\t\t\t\t\t\t\t\t\t\t\t\t\t<img fetchpriority=\"high\" decoding=\"async\" width=\"960\" height=\"486\" src=\"https:\/\/tejiendoredesinfancia.org\/wp-content\/uploads\/2021\/09\/TejiendoRedesInfancia.jpeg\" class=\"attachment-full size-full wp-image-1226\" alt=\"Llamado de ni\u00f1as, ni\u00f1os y adolescentes al Estado de Brasil\" srcset=\"https:\/\/tejiendoredesinfancia.org\/wp-content\/uploads\/2021\/09\/TejiendoRedesInfancia.jpeg 960w, https:\/\/tejiendoredesinfancia.org\/wp-content\/uploads\/2021\/09\/TejiendoRedesInfancia-300x152.jpeg 300w, https:\/\/tejiendoredesinfancia.org\/wp-content\/uploads\/2021\/09\/TejiendoRedesInfancia-768x389.jpeg 768w, https:\/\/tejiendoredesinfancia.org\/wp-content\/uploads\/2021\/09\/TejiendoRedesInfancia-16x8.jpeg 16w, https:\/\/tejiendoredesinfancia.org\/wp-content\/uploads\/2021\/09\/TejiendoRedesInfancia-480x243.jpeg 480w\" sizes=\"(max-width:767px) 480px, (max-width:960px) 100vw, 960px\" \/>\t\t\t\t\t\t\t\t\t\t\t\t\t\t\t<\/div>\n\t\t\t\t<\/div>\n\t\t\t\t<\/div>\n\t\t<div class=\"elementor-element elementor-element-402c55ec e-flex e-con-boxed e-con e-parent\" data-id=\"402c55ec\" data-element_type=\"container\" data-e-type=\"container\">\n\t\t\t\t\t<div class=\"e-con-inner\">\n\t\t<div class=\"elementor-element elementor-element-1b636c58 e-con-full e-flex e-con e-child\" data-id=\"1b636c58\" data-element_type=\"container\" data-e-type=\"container\">\n\t\t\t\t<div class=\"elementor-element elementor-element-38f74539 elementor-widget elementor-widget-image\" data-id=\"38f74539\" data-element_type=\"widget\" data-e-type=\"widget\" data-settings=\"{&quot;ekit_we_effect_on&quot;:&quot;none&quot;}\" data-widget_type=\"image.default\">\n\t\t\t\t<div class=\"elementor-widget-container\">\n\t\t\t\t\t\t\t\t\t\t\t\t\t\t\t<img decoding=\"async\" width=\"1024\" height=\"1024\" src=\"https:\/\/tejiendoredesinfancia.org\/wp-content\/uploads\/2022\/08\/tejiendoredesinfancia.svg\" class=\"attachment-large size-large wp-image-1856\" alt=\"Tejiendo Redes Infancia\" srcset=\"https:\/\/tejiendoredesinfancia.org\/wp-content\/uploads\/\/2022\/08\/tejiendoredesinfancia.svg 150w, https:\/\/tejiendoredesinfancia.org\/wp-content\/uploads\/\/2022\/08\/tejiendoredesinfancia.svg 300w, https:\/\/tejiendoredesinfancia.org\/wp-content\/uploads\/\/2022\/08\/tejiendoredesinfancia.svg 1024w\" sizes=\"(max-width:767px) 480px, (max-width:1024px) 100vw, 1024px\" \/>\t\t\t\t\t\t\t\t\t\t\t\t\t\t\t<\/div>\n\t\t\t\t<\/div>\n\t\t\t\t<div class=\"elementor-element elementor-element-3e1061f elementor-widget elementor-widget-heading\" data-id=\"3e1061f\" data-element_type=\"widget\" data-e-type=\"widget\" data-settings=\"{&quot;ekit_we_effect_on&quot;:&quot;none&quot;}\" data-widget_type=\"heading.default\">\n\t\t\t\t<div class=\"elementor-widget-container\">\n\t\t\t\t\t<h2 class=\"elementor-heading-title elementor-size-default\">OUR<mark class=\"verde\">JOB<mark><\/h2>\t\t\t\t<\/div>\n\t\t\t\t<\/div>\n\t\t\t\t<div class=\"elementor-element elementor-element-641ffa2c elementor-widget__width-initial elementor-widget elementor-widget-text-editor\" data-id=\"641ffa2c\" data-element_type=\"widget\" data-e-type=\"widget\" data-settings=\"{&quot;ekit_we_effect_on&quot;:&quot;none&quot;}\" data-widget_type=\"text-editor.default\">\n\t\t\t\t<div class=\"elementor-widget-container\">\n\t\t\t\t\t\t\t\t\t<div class=\"et_pb_row et_pb_row_1\">\n<div class=\"et_pb_column et_pb_column_4_4 et_pb_column_1 et_pb_css_mix_blend_mode_passthrough et-last-child\">\n<div class=\"et_pb_module et_pb_text et_pb_text_1 et_pb_text_align_center et_pb_bg_layout_light\">\n<div class=\"et_pb_text_inner\">\n<p>In 2016, the #TejiendoRedesInfancia project co-financed by the European Union, the Swedish Association for International Development (Sida) and Save The Children began, seeking to encourage the participation of networks of civil society organizations that work in favor of the rights of childhood, as well as girls, boys and adolescents.<\/p>\n<\/div>\n<\/div>\n<\/div>\n<\/div>\t\t\t\t\t\t\t\t<\/div>\n\t\t\t\t<\/div>\n\t\t\t\t<div class=\"elementor-element elementor-element-63f46349 elementor-widget elementor-widget-heading\" data-id=\"63f46349\" data-element_type=\"widget\" data-e-type=\"widget\" data-settings=\"{&quot;ekit_we_effect_on&quot;:&quot;none&quot;}\" data-widget_type=\"heading.default\">\n\t\t\t\t<div class=\"elementor-widget-container\">\n\t\t\t\t\t<h4 class=\"elementor-heading-title elementor-size-default\">These are some of the <mark class=\"amarillo\">achievements<\/mark> of the project:<\/h4>\t\t\t\t<\/div>\n\t\t\t\t<\/div>\n\t\t<div class=\"elementor-element elementor-element-a40ada3 e-con-full e-flex e-con e-child\" data-id=\"a40ada3\" data-element_type=\"container\" data-e-type=\"container\">\n\t\t\t\t<div class=\"elementor-element elementor-element-68667b96 elementor-widget elementor-widget-elementskit-accordion\" data-id=\"68667b96\" data-element_type=\"widget\" data-e-type=\"widget\" data-settings=\"{&quot;ekit_we_effect_on&quot;:&quot;none&quot;}\" data-widget_type=\"elementskit-accordion.default\">\n\t\t\t\t<div class=\"elementor-widget-container\">\n\t\t\t\t\t<div class=\"ekit-wid-con\" >\n        <div class=\"elementskit-accordion accoedion-primary\" id=\"accordion-69f3e5a336dcc\">\n\n            \n                <div class=\"elementskit-card active\">\n                    <div class=\"elementskit-card-header\" id=\"primaryHeading-0-68667b96\">\n                        <a href=\"#collapse-1e2da6769f3e5a336dcc\" class=\"ekit-accordion--toggler elementskit-btn-link collapsed\" data-ekit-toggle=\"collapse\" data-target=\"#Collapse-1e2da6769f3e5a336dcc\" aria-expanded=\"true\" aria-controls=\"Collapse-1e2da6769f3e5a336dcc\">\n                            \n                            <span class=\"ekit-accordion-title\">Advocacy at the national and intergovernmental level; before regional and international organizations.<\/span>\n\n                            \n                                <div class=\"ekit_accordion_icon_group\">\n                                    <div class=\"ekit_accordion_normal_icon\">\n                                        <!-- Normal Icon -->\n\t\t\t\t\t\t\t\t\t\t<svg class=\"e-font-icon-svg e-fas-plus\" viewbox=\"0 0 448 512\" xmlns=\"http:\/\/www.w3.org\/2000\/svg\"><path d=\"M416 208H272V64c0-17.67-14.33-32-32-32h-32c-17.67 0-32 14.33-32 32v144H32c-17.67 0-32 14.33-32 32v32c0 17.67 14.33 32 32 32h144v144c0 17.67 14.33 32 32 32h32c17.67 0 32-14.33 32-32V304h144c17.67 0 32-14.33 32-32v-32c0-17.67-14.33-32-32-32z\"><\/path><\/svg>                                    <\/div>\n\n                                    <div class=\"ekit_accordion_active_icon\">\n                                        <!-- Active Icon -->\n\t\t\t\t\t\t\t\t\t\t<svg class=\"e-font-icon-svg e-fas-minus\" viewbox=\"0 0 448 512\" xmlns=\"http:\/\/www.w3.org\/2000\/svg\"><path d=\"M416 208H32c-17.67 0-32 14.33-32 32v32c0 17.67 14.33 32 32 32h384c17.67 0 32-14.33 32-32v-32c0-17.67-14.33-32-32-32z\"><\/path><\/svg>                                    <\/div>\n                                <\/div>\n\n                            \n                                                    <\/a>\n                    <\/div>\n\n                    <div id=\"Collapse-1e2da6769f3e5a336dcc\" class=\"show collapse\" aria-labelledby=\"primaryHeading-0-68667b96\" data-parent=\"#accordion-69f3e5a336dcc\">\n\n                        <div class=\"elementskit-card-body ekit-accordion--content\">\n                            <p>Fortalecimiento de los v\u00ednculos estrat\u00e9gicos con organizaciones internacionales de protecci\u00f3n a los derechos humanos:<\/p><ul><li>Comit\u00e9 de Derechos del Ni\u00f1o de las Naciones Unidas.<\/li><li>Fondo de las Naciones Unidas para la Infancia (UNICEF-ONU)<\/li><li>Sistema Interamericano de Derechos Humanos (SIDH)<\/li><li>Relator\u00eda sobre los Derechos de la Ni\u00f1ez de la Comisi\u00f3n Interamericana de Derechos Humanos (CIDH).<\/li><li>Di\u00e1logo estrat\u00e9gico sobre la crisis humanitaria de ni\u00f1ez migrante entre M\u00e9xico y los pa\u00edses de Centroam\u00e9rica.<\/li><li>Convocante y participante en los Foros Interamericanos sobre Sistemas Nacionales de Protecci\u00f3n Integral (M\u00e9xico y Uruguay).<\/li><li>Seminarios Latinoamericanos de Pensamiento sobre los Derechos de la infancia y la adolescencia en M\u00e9xico y Colombia, con la participaci\u00f3n de tomares de decisi\u00f3n.<\/li><li>Las coaliciones nacionales han desarrollado capacidades de interacci\u00f3n con el Sistema Interamericano de Derechos Humanos (SIDH), estas valiosas experiencias recopilaron en el documento \u201cUso del Sistema Interamericano de Derechos Humanos por las coaliciones nacionales y redes de ni\u00f1as, ni\u00f1os y adolescentes\u201d como una herramienta de pensamiento colectivo a nivel regional.<\/li><\/ul>                        <\/div>\n\n                    <\/div>\n\n                <\/div><!-- .elementskit-card END -->\n\n                                        <\/div>\n    <\/div>\t\t\t\t<\/div>\n\t\t\t\t<\/div>\n\t\t\t\t<div class=\"elementor-element elementor-element-5f4261c7 elementor-widget elementor-widget-elementskit-accordion\" data-id=\"5f4261c7\" data-element_type=\"widget\" data-e-type=\"widget\" data-settings=\"{&quot;ekit_we_effect_on&quot;:&quot;none&quot;}\" data-widget_type=\"elementskit-accordion.default\">\n\t\t\t\t<div class=\"elementor-widget-container\">\n\t\t\t\t\t<div class=\"ekit-wid-con\" >\n        <div class=\"elementskit-accordion accoedion-primary\" id=\"accordion-69f3e5a3377a7\">\n\n            \n                <div class=\"elementskit-card active\">\n                    <div class=\"elementskit-card-header\" id=\"primaryHeading-0-5f4261c7\">\n                        <a href=\"#collapse-1e2da6769f3e5a3377a7\" class=\"ekit-accordion--toggler elementskit-btn-link collapsed\" data-ekit-toggle=\"collapse\" data-target=\"#Collapse-1e2da6769f3e5a3377a7\" aria-expanded=\"true\" aria-controls=\"Collapse-1e2da6769f3e5a3377a7\">\n                            \n                            <span class=\"ekit-accordion-title\">Desarrollo de capacidades de las Organizaciones de la Sociedad Civil.<\/span>\n\n                            \n                                <div class=\"ekit_accordion_icon_group\">\n                                    <div class=\"ekit_accordion_normal_icon\">\n                                        <!-- Normal Icon -->\n\t\t\t\t\t\t\t\t\t\t<svg class=\"e-font-icon-svg e-fas-plus\" viewbox=\"0 0 448 512\" xmlns=\"http:\/\/www.w3.org\/2000\/svg\"><path d=\"M416 208H272V64c0-17.67-14.33-32-32-32h-32c-17.67 0-32 14.33-32 32v144H32c-17.67 0-32 14.33-32 32v32c0 17.67 14.33 32 32 32h144v144c0 17.67 14.33 32 32 32h32c17.67 0 32-14.33 32-32V304h144c17.67 0 32-14.33 32-32v-32c0-17.67-14.33-32-32-32z\"><\/path><\/svg>                                    <\/div>\n\n                                    <div class=\"ekit_accordion_active_icon\">\n                                        <!-- Active Icon -->\n\t\t\t\t\t\t\t\t\t\t<svg class=\"e-font-icon-svg e-fas-minus\" viewbox=\"0 0 448 512\" xmlns=\"http:\/\/www.w3.org\/2000\/svg\"><path d=\"M416 208H32c-17.67 0-32 14.33-32 32v32c0 17.67 14.33 32 32 32h384c17.67 0 32-14.33 32-32v-32c0-17.67-14.33-32-32-32z\"><\/path><\/svg>                                    <\/div>\n                                <\/div>\n\n                            \n                                                    <\/a>\n                    <\/div>\n\n                    <div id=\"Collapse-1e2da6769f3e5a3377a7\" class=\"show collapse\" aria-labelledby=\"primaryHeading-0-5f4261c7\" data-parent=\"#accordion-69f3e5a3377a7\">\n\n                        <div class=\"elementskit-card-body ekit-accordion--content\">\n                            <ul>\n<li>Talleres de Capacitaci\u00f3n e Inversi\u00f3n en Buenos Aires, Argentina; La Paz, Bolivia y San Salvador, El Salvador y Ciudad de M\u00e9xico, M\u00e9xico.<\/li>\n<li>16 de los 18 pa\u00edses que participan actualmente en el proyecto han presentado sus planes de trabajo para realizar acciones de monitoreo y vigilancia ciudadana.<\/li>\n<li>Contamos con un diagn\u00f3stico detallado de 26 coaliciones nacionales, para elaborar planes nacionales de fortalecimiento institucional y desarrollar \u201cObservatorios nacionales de ni\u00f1ez y adolescencia\u201d.<\/li>\n<\/ul>                        <\/div>\n\n                    <\/div>\n\n                <\/div><!-- .elementskit-card END -->\n\n                                        <\/div>\n    <\/div>\t\t\t\t<\/div>\n\t\t\t\t<\/div>\n\t\t\t\t<div class=\"elementor-element elementor-element-19c5737a elementor-widget elementor-widget-elementskit-accordion\" data-id=\"19c5737a\" data-element_type=\"widget\" data-e-type=\"widget\" data-settings=\"{&quot;ekit_we_effect_on&quot;:&quot;none&quot;}\" data-widget_type=\"elementskit-accordion.default\">\n\t\t\t\t<div class=\"elementor-widget-container\">\n\t\t\t\t\t<div class=\"ekit-wid-con\" >\n        <div class=\"elementskit-accordion accoedion-primary\" id=\"accordion-69f3e5a337dd5\">\n\n            \n                <div class=\"elementskit-card active\">\n                    <div class=\"elementskit-card-header\" id=\"primaryHeading-0-19c5737a\">\n                        <a href=\"#collapse-1e2da6769f3e5a337dd5\" class=\"ekit-accordion--toggler elementskit-btn-link collapsed\" data-ekit-toggle=\"collapse\" data-target=\"#Collapse-1e2da6769f3e5a337dd5\" aria-expanded=\"true\" aria-controls=\"Collapse-1e2da6769f3e5a337dd5\">\n                            \n                            <span class=\"ekit-accordion-title\">Participaci\u00f3n directa, activa, y propositiva de ni\u00f1as, ni\u00f1os y adolescentes.<\/span>\n\n                            \n                                <div class=\"ekit_accordion_icon_group\">\n                                    <div class=\"ekit_accordion_normal_icon\">\n                                        <!-- Normal Icon -->\n\t\t\t\t\t\t\t\t\t\t<svg class=\"e-font-icon-svg e-fas-plus\" viewbox=\"0 0 448 512\" xmlns=\"http:\/\/www.w3.org\/2000\/svg\"><path d=\"M416 208H272V64c0-17.67-14.33-32-32-32h-32c-17.67 0-32 14.33-32 32v144H32c-17.67 0-32 14.33-32 32v32c0 17.67 14.33 32 32 32h144v144c0 17.67 14.33 32 32 32h32c17.67 0 32-14.33 32-32V304h144c17.67 0 32-14.33 32-32v-32c0-17.67-14.33-32-32-32z\"><\/path><\/svg>                                    <\/div>\n\n                                    <div class=\"ekit_accordion_active_icon\">\n                                        <!-- Active Icon -->\n\t\t\t\t\t\t\t\t\t\t<svg class=\"e-font-icon-svg e-fas-minus\" viewbox=\"0 0 448 512\" xmlns=\"http:\/\/www.w3.org\/2000\/svg\"><path d=\"M416 208H32c-17.67 0-32 14.33-32 32v32c0 17.67 14.33 32 32 32h384c17.67 0 32-14.33 32-32v-32c0-17.67-14.33-32-32-32z\"><\/path><\/svg>                                    <\/div>\n                                <\/div>\n\n                            \n                                                    <\/a>\n                    <\/div>\n\n                    <div id=\"Collapse-1e2da6769f3e5a337dd5\" class=\"show collapse\" aria-labelledby=\"primaryHeading-0-19c5737a\" data-parent=\"#accordion-69f3e5a337dd5\">\n\n                        <div class=\"elementskit-card-body ekit-accordion--content\">\n                            <ul>\n<li>Ni\u00f1as, ni\u00f1os y adolescentes han realizado acciones de incidencia en espacios internacionales como el Segundo Foro Interamericano sobre Sistemas Nacionales de Protecci\u00f3n Integral de Ni\u00f1as, Ni\u00f1os y Adolescentes y en la Reuni\u00f3n de Ni\u00f1o Sur, en Montevideo, Uruguay; entre otros.<\/li>\n<li>Actualmente, de las 26 coaliciones nacionales que han sido parte del proyecto:<br \/>- 18 tienen mecanismos de rendici\u00f3n de cuentas<br \/>- 14 cuentan con espacios de participaci\u00f3n<br \/>- 9 le informan a ni\u00f1os, ni\u00f1as y adolescentes.<\/li>\n<li>Se realizaron:<br \/>- 17 Encuentros Nacionales en 17 pa\u00edses.<br \/>- 3 reuniones subregionales (El Salvador, Brasil y Bolivia)<br \/>- 1 Encuentro Regional (M\u00e9xico)<br \/>In total, 724 girls, boys and adolescents from the entire region participated.<\/li>\n<\/ul>                        <\/div>\n\n                    <\/div>\n\n                <\/div><!-- .elementskit-card END -->\n\n                                        <\/div>\n    <\/div>\t\t\t\t<\/div>\n\t\t\t\t<\/div>\n\t\t\t\t<div class=\"elementor-element elementor-element-143fc1e5 elementor-widget elementor-widget-elementskit-accordion\" data-id=\"143fc1e5\" data-element_type=\"widget\" data-e-type=\"widget\" data-settings=\"{&quot;ekit_we_effect_on&quot;:&quot;none&quot;}\" data-widget_type=\"elementskit-accordion.default\">\n\t\t\t\t<div class=\"elementor-widget-container\">\n\t\t\t\t\t<div class=\"ekit-wid-con\" >\n        <div class=\"elementskit-accordion accoedion-primary\" id=\"accordion-69f3e5a33844f\">\n\n            \n                <div class=\"elementskit-card active\">\n                    <div class=\"elementskit-card-header\" id=\"primaryHeading-0-143fc1e5\">\n                        <a href=\"#collapse-1e2da6769f3e5a33844f\" class=\"ekit-accordion--toggler elementskit-btn-link collapsed\" data-ekit-toggle=\"collapse\" data-target=\"#Collapse-1e2da6769f3e5a33844f\" aria-expanded=\"true\" aria-controls=\"Collapse-1e2da6769f3e5a33844f\">\n                            \n                            <span class=\"ekit-accordion-title\">Media and social networks: Promotion of collective actions that go beyond political positioning.<\/span>\n\n                            \n                                <div class=\"ekit_accordion_icon_group\">\n                                    <div class=\"ekit_accordion_normal_icon\">\n                                        <!-- Normal Icon -->\n\t\t\t\t\t\t\t\t\t\t<svg class=\"e-font-icon-svg e-fas-plus\" viewbox=\"0 0 448 512\" xmlns=\"http:\/\/www.w3.org\/2000\/svg\"><path d=\"M416 208H272V64c0-17.67-14.33-32-32-32h-32c-17.67 0-32 14.33-32 32v144H32c-17.67 0-32 14.33-32 32v32c0 17.67 14.33 32 32 32h144v144c0 17.67 14.33 32 32 32h32c17.67 0 32-14.33 32-32V304h144c17.67 0 32-14.33 32-32v-32c0-17.67-14.33-32-32-32z\"><\/path><\/svg>                                    <\/div>\n\n                                    <div class=\"ekit_accordion_active_icon\">\n                                        <!-- Active Icon -->\n\t\t\t\t\t\t\t\t\t\t<svg class=\"e-font-icon-svg e-fas-minus\" viewbox=\"0 0 448 512\" xmlns=\"http:\/\/www.w3.org\/2000\/svg\"><path d=\"M416 208H32c-17.67 0-32 14.33-32 32v32c0 17.67 14.33 32 32 32h384c17.67 0 32-14.33 32-32v-32c0-17.67-14.33-32-32-32z\"><\/path><\/svg>                                    <\/div>\n                                <\/div>\n\n                            \n                                                    <\/a>\n                    <\/div>\n\n                    <div id=\"Collapse-1e2da6769f3e5a33844f\" class=\"show collapse\" aria-labelledby=\"primaryHeading-0-143fc1e5\" data-parent=\"#accordion-69f3e5a33844f\">\n\n                        <div class=\"elementskit-card-body ekit-accordion--content\">\n                            <p>Denunciation and promotion of collective actions in the face of serious situations of violation of the rights of girls, boys and adolescents.<\/p>\n<p>Information sheets have been prepared to work with the media in:<\/p>\n<ul>\n<li>Migraci\u00f3n<\/li>\n<li>Justicia penal para adolescentes<\/li>\n<li>Elecciones presidenciales<\/li>\n<li>Inversi\u00f3n en ni\u00f1ez<\/li>\n<li>Violencia<\/li>\n<\/ul>\n<p>\u00a0<\/p>\n<p>Two workshops were given on how to promote children&#039;s rights in the media, aimed at members of civil society coalitions.<\/p>\n<p>We maintain a strategic alliance with leading companies in Internet and social networks:<\/p>\n<ul>\n<li>Facebook<\/li>\n<li>Instagram<\/li>\n<li>Twitter<\/li>\n<li>Google.<\/li>\n<\/ul>\n<p>\u00a0<\/p>\n<p>Together with these companies, we have promoted massive campaigns such as Stop Sextortion; Twitter Guide for Teachers, Safe Childhood, Digital Citizenship, among others, linked to the right to a safe internet for girls, boys and adolescents, as well as the incorporation of mothers and fathers, teachers, legislators and companies in the promotion and guarantee of secure internet access.<\/p>                        <\/div>\n\n                    <\/div>\n\n                <\/div><!-- .elementskit-card END -->\n\n                                        <\/div>\n    <\/div>\t\t\t\t<\/div>\n\t\t\t\t<\/div>\n\t\t\t\t<\/div>\n\t\t\t\t<\/div>\n\t\t\t\t\t<\/div>\n\t\t\t\t<\/div>\n\t\t<div class=\"elementor-element elementor-element-144e4c3c e-flex e-con-boxed e-con e-parent\" data-id=\"144e4c3c\" data-element_type=\"container\" data-e-type=\"container\" data-settings=\"{&quot;background_background&quot;:&quot;classic&quot;}\">\n\t\t\t\t\t<div class=\"e-con-inner\">\n\t\t\t\t<div class=\"elementor-element elementor-element-6192af99 elementor-widget__width-initial elementor-widget elementor-widget-heading\" data-id=\"6192af99\" data-element_type=\"widget\" data-e-type=\"widget\" data-settings=\"{&quot;ekit_we_effect_on&quot;:&quot;none&quot;}\" data-widget_type=\"heading.default\">\n\t\t\t\t<div class=\"elementor-widget-container\">\n\t\t\t\t\t<h3 class=\"elementor-heading-title elementor-size-default\">We invite you to participate in the activities of this project!<\/h3>\t\t\t\t<\/div>\n\t\t\t\t<\/div>\n\t\t<div class=\"elementor-element elementor-element-9788ee5 e-con-full e-flex e-con e-child\" data-id=\"9788ee5\" data-element_type=\"container\" data-e-type=\"container\">\n\t\t<div class=\"elementor-element elementor-element-56f3ebfe e-con-full e-flex e-con e-child\" data-id=\"56f3ebfe\" data-element_type=\"container\" data-e-type=\"container\">\n\t\t\t\t<div class=\"elementor-element elementor-element-567aa695 elementor-widget elementor-widget-button\" data-id=\"567aa695\" data-element_type=\"widget\" data-e-type=\"widget\" data-settings=\"{&quot;ekit_we_effect_on&quot;:&quot;none&quot;}\" data-widget_type=\"button.default\">\n\t\t\t\t<div class=\"elementor-widget-container\">\n\t\t\t\t\t\t\t\t\t<div class=\"elementor-button-wrapper\">\n\t\t\t\t\t<a class=\"elementor-button elementor-button-link elementor-size-sm\" href=\"https:\/\/www.paypal.com\/donate\/?hosted_button_id=RK8SCAVJYK5LU\" target=\"_blank\">\n\t\t\t\t\t\t<span class=\"elementor-button-content-wrapper\">\n\t\t\t\t\t\t\t\t\t<span class=\"elementor-button-text\">DONATE NOW<\/span>\n\t\t\t\t\t<\/span>\n\t\t\t\t\t<\/a>\n\t\t\t\t<\/div>\n\t\t\t\t\t\t\t\t<\/div>\n\t\t\t\t<\/div>\n\t\t\t\t<div class=\"elementor-element elementor-element-1589c0bf elementor-widget elementor-widget-button\" data-id=\"1589c0bf\" data-element_type=\"widget\" data-e-type=\"widget\" data-settings=\"{&quot;ekit_we_effect_on&quot;:&quot;none&quot;}\" data-widget_type=\"button.default\">\n\t\t\t\t<div class=\"elementor-widget-container\">\n\t\t\t\t\t\t\t\t\t<div class=\"elementor-button-wrapper\">\n\t\t\t\t\t<a class=\"elementor-button elementor-button-link elementor-size-sm\" href=\"https:\/\/tejiendoredesinfancia.org\/en_us\/actua-con-nosotros\/\">\n\t\t\t\t\t\t<span class=\"elementor-button-content-wrapper\">\n\t\t\t\t\t\t\t\t\t<span class=\"elementor-button-text\">ACT WITH US<\/span>\n\t\t\t\t\t<\/span>\n\t\t\t\t\t<\/a>\n\t\t\t\t<\/div>\n\t\t\t\t\t\t\t\t<\/div>\n\t\t\t\t<\/div>\n\t\t\t\t<\/div>\n\t\t<div class=\"elementor-element elementor-element-1f06045e e-con-full e-flex e-con e-child\" data-id=\"1f06045e\" data-element_type=\"container\" data-e-type=\"container\">\n\t\t\t\t<div class=\"elementor-element elementor-element-3940ba85 elementor-position-inline-start elementor-view-default elementor-mobile-position-block-start elementor-widget elementor-widget-icon-box\" data-id=\"3940ba85\" data-element_type=\"widget\" data-e-type=\"widget\" data-settings=\"{&quot;ekit_we_effect_on&quot;:&quot;none&quot;}\" data-widget_type=\"icon-box.default\">\n\t\t\t\t<div class=\"elementor-widget-container\">\n\t\t\t\t\t\t\t<div class=\"elementor-icon-box-wrapper\">\n\n\t\t\t\t\t\t<div class=\"elementor-icon-box-icon\">\n\t\t\t\t<span  class=\"elementor-icon\">\n\t\t\t\t<i aria-hidden=\"true\" class=\"icon icon-chevron-right-circle\"><\/i>\t\t\t\t<\/span>\n\t\t\t<\/div>\n\t\t\t\n\t\t\t\t\t\t<div class=\"elementor-icon-box-content\">\n\n\t\t\t\t\t\t\t\t\t<h5 class=\"elementor-icon-box-title\">\n\t\t\t\t\t\t<span  >\n\t\t\t\t\t\t\tFollow us on our networks\t\t\t\t\t\t<\/span>\n\t\t\t\t\t<\/h5>\n\t\t\t\t\n\t\t\t\t\n\t\t\t<\/div>\n\t\t\t\n\t\t<\/div>\n\t\t\t\t\t\t<\/div>\n\t\t\t\t<\/div>\n\t\t\t\t<div class=\"elementor-element elementor-element-32ec95f elementor-position-inline-start elementor-view-default elementor-mobile-position-block-start elementor-widget elementor-widget-icon-box\" data-id=\"32ec95f\" data-element_type=\"widget\" data-e-type=\"widget\" data-settings=\"{&quot;ekit_we_effect_on&quot;:&quot;none&quot;}\" data-widget_type=\"icon-box.default\">\n\t\t\t\t<div class=\"elementor-widget-container\">\n\t\t\t\t\t\t\t<div class=\"elementor-icon-box-wrapper\">\n\n\t\t\t\t\t\t<div class=\"elementor-icon-box-icon\">\n\t\t\t\t<span  class=\"elementor-icon\">\n\t\t\t\t<i aria-hidden=\"true\" class=\"icon icon-chevron-right-circle\"><\/i>\t\t\t\t<\/span>\n\t\t\t<\/div>\n\t\t\t\n\t\t\t\t\t\t<div class=\"elementor-icon-box-content\">\n\n\t\t\t\t\t\t\t\t\t<h5 class=\"elementor-icon-box-title\">\n\t\t\t\t\t\t<span  >\n\t\t\t\t\t\t\tDistribute the content\t\t\t\t\t\t<\/span>\n\t\t\t\t\t<\/h5>\n\t\t\t\t\n\t\t\t\t\n\t\t\t<\/div>\n\t\t\t\n\t\t<\/div>\n\t\t\t\t\t\t<\/div>\n\t\t\t\t<\/div>\n\t\t\t\t<\/div>\n\t\t\t\t<\/div>\n\t\t\t\t\t<\/div>\n\t\t\t\t<\/div>\n\t\t\t\t<\/div>","protected":false},"excerpt":{"rendered":"<p>NUESTROTRABAJO En el a\u00f1o 2016 dio inicio el proyecto #TejiendoRedesInfancia cofinanciado por la Uni\u00f3n Europea, la Asociaci\u00f3n Sueca para el Desarrollo Internacional (ASDI) y Save The<span class=\"excerpt-hellip\"> [\u2026]<\/span><\/p>\n","protected":false},"author":1,"featured_media":0,"parent":0,"menu_order":0,"comment_status":"closed","ping_status":"closed","template":"elementor_header_footer","meta":{"_acf_changed":false,"footnotes":""},"class_list":["post-2790","page","type-page","status-publish","hentry"],"acf":[],"_links":{"self":[{"href":"https:\/\/tejiendoredesinfancia.org\/en_us\/wp-json\/wp\/v2\/pages\/2790","targetHints":{"allow":["GET"]}}],"collection":[{"href":"https:\/\/tejiendoredesinfancia.org\/en_us\/wp-json\/wp\/v2\/pages"}],"about":[{"href":"https:\/\/tejiendoredesinfancia.org\/en_us\/wp-json\/wp\/v2\/types\/page"}],"author":[{"embeddable":true,"href":"https:\/\/tejiendoredesinfancia.org\/en_us\/wp-json\/wp\/v2\/users\/1"}],"replies":[{"embeddable":true,"href":"https:\/\/tejiendoredesinfancia.org\/en_us\/wp-json\/wp\/v2\/comments?post=2790"}],"version-history":[{"count":10,"href":"https:\/\/tejiendoredesinfancia.org\/en_us\/wp-json\/wp\/v2\/pages\/2790\/revisions"}],"predecessor-version":[{"id":3946,"href":"https:\/\/tejiendoredesinfancia.org\/en_us\/wp-json\/wp\/v2\/pages\/2790\/revisions\/3946"}],"wp:attachment":[{"href":"https:\/\/tejiendoredesinfancia.org\/en_us\/wp-json\/wp\/v2\/media?parent=2790"}],"curies":[{"name":"wp","href":"https:\/\/api.w.org\/{rel}","templated":true}]}}